{"id":1681,"date":"2025-03-17T16:16:15","date_gmt":"2025-03-17T19:16:15","guid":{"rendered":"https:\/\/40.fayd.unam.edu.ar\/?page_id=1681"},"modified":"2025-03-17T16:21:02","modified_gmt":"2025-03-17T19:21:02","slug":"profesorado-en-educacion-tecnologica","status":"publish","type":"page","link":"https:\/\/40.fayd.unam.edu.ar\/index.php\/profesorado-en-educacion-tecnologica\/","title":{"rendered":"Profesorado en Educaci\u00f3n Tecnol\u00f3gica"},"content":{"rendered":"\n<p class=\"has-vivid-red-color has-text-color has-link-color has-large-font-size wp-elements-a08d908114dd06fa5cc6b7c9b7f4d3e6\" style=\"text-decoration:underline\"><strong><mark style=\"background-color:rgba(0, 0, 0, 0)\" class=\"has-inline-color has-vivid-red-color\">Profesorado en Educaci\u00f3n Tecnol\u00f3gica<\/mark><\/strong><\/p>\n\n\n\n<p class=\"has-black-color has-text-color has-link-color wp-elements-76dd7328acf3091b3f24db55b9905081\" style=\"font-size:15px\"><strong>PERFIL DEL EGRESADO<\/strong><\/p>\n\n\n\n<p class=\"has-black-color has-text-color has-link-color wp-elements-c1153fe4a711e225cf2d61a0d75841d1\">Profesionales docentes capacitados para planificar, conducir y evaluar procesos de ense\u00f1anza y aprendizaje, en el \u00e1rea de Educaci\u00f3n Tecnol\u00f3gica, en todos los niveles del sistema educativo.<\/p>\n\n\n\n<h3 class=\"wp-block-heading\">Perfil del T\u00edtulo<\/h3>\n\n\n\n<ul class=\"wp-block-list has-black-color has-text-color has-link-color wp-elements-90aba47ecf6f65d767705447b9192df5\">\n<li>Al finalizar su formaci\u00f3n los futuros Profesores en Educaci\u00f3n Tecnol\u00f3gica deber\u00e1n poseer los siguientes conocimientos, actitudes y capacidades:<\/li>\n\n\n\n<li>Conocimientos para interpretar la estructura de productos y procesos tecnol\u00f3gicos en el marco del enfoque sist\u00e9mico, identificando bloques componentes y sus relaciones mediante flujos de materia, energ\u00eda o informaci\u00f3n.<\/li>\n\n\n\n<li>Habilidad para seleccionar, implementar y evaluar metodolog\u00eda innovadora de la educaci\u00f3n tecnol\u00f3gica que contemplen las demandas de la educaci\u00f3n general b\u00e1sica.<\/li>\n\n\n\n<li>Actitud cr\u00edtica y flexible que le permita una evaluaci\u00f3n continua de su tarea profesional y la incorporaci\u00f3n de los cambios tecnol\u00f3gicos que demanda la acci\u00f3n educativa.<\/li>\n\n\n\n<li>Actitud \u00e9tica de respeto o integraci\u00f3n a los diferentes grupos con quienes compartir\u00e1n su actividad docente.<\/li>\n<\/ul>\n\n\n\n<h3 class=\"wp-block-heading has-black-color has-text-color has-link-color wp-elements-114aa6ccd8d4358aa677b4c8f24d635f\">Alcances del T\u00edtulo<\/h3>\n\n\n\n<p class=\"has-black-color has-text-color has-link-color wp-elements-e7040eb52f5b5186e9aa10704394f177\">Esta carrera formar\u00e1 profesionales docentes capacitados para:<\/p>\n\n\n\n<ul class=\"wp-block-list has-black-color has-text-color has-link-color wp-elements-effd10a881bd7ab343a08126ad03b7a2\">\n<li>Planificar, conducir, orientar, evaluar y desarrollar procesos de ense\u00f1anza aprendizaje en el \u00e1rea de Educaci\u00f3n Tecnol\u00f3gica, tanto en la educaci\u00f3n formal como en instituciones no gubernamentales de car\u00e1cter educativo, que ofrezcan servicios principalmente destinados a ni\u00f1os y adolescentes.<\/li>\n\n\n\n<li>Asesorar en lo concerniente al proceso de ense\u00f1anza \u2013 aprendizaje en lo relacionado con el \u00e1rea del conocimiento espec\u00edfico.<\/li>\n<\/ul>\n\n\n\n<h3 class=\"wp-block-heading\">&nbsp;<\/h3>\n\n\n\n<h3 class=\"wp-block-heading\">Requisitos de Ingreso\u00a0<strong><a href=\"https:\/\/40.fayd.unam.edu.ar\/index.php\/ingresantes\/\" data-type=\"page\" data-id=\"1475\"><mark style=\"background-color:rgba(0, 0, 0, 0)\" class=\"has-inline-color has-vivid-red-color\">aqu\u00ed<\/mark><\/a><\/strong><\/h3>\n","protected":false},"excerpt":{"rendered":"<p>Profesorado en Educaci\u00f3n Tecnol\u00f3gica PERFIL DEL EGRESADO Profesionales docentes capacitados para planificar, conducir y evaluar procesos de ense\u00f1anza y aprendizaje, en el \u00e1rea de Educaci\u00f3n Tecnol\u00f3gica, en todos los niveles &#8230;<\/p>\n","protected":false},"author":2,"featured_media":0,"parent":0,"menu_order":0,"comment_status":"closed","ping_status":"closed","template":"","meta":{"footnotes":""},"class_list":["post-1681","page","type-page","status-publish","hentry"],"_links":{"self":[{"href":"https:\/\/40.fayd.unam.edu.ar\/index.php\/wp-json\/wp\/v2\/pages\/1681","targetHints":{"allow":["GET"]}}],"collection":[{"href":"https:\/\/40.fayd.unam.edu.ar\/index.php\/wp-json\/wp\/v2\/pages"}],"about":[{"href":"https:\/\/40.fayd.unam.edu.ar\/index.php\/wp-json\/wp\/v2\/types\/page"}],"author":[{"embeddable":true,"href":"https:\/\/40.fayd.unam.edu.ar\/index.php\/wp-json\/wp\/v2\/users\/2"}],"replies":[{"embeddable":true,"href":"https:\/\/40.fayd.unam.edu.ar\/index.php\/wp-json\/wp\/v2\/comments?post=1681"}],"version-history":[{"count":4,"href":"https:\/\/40.fayd.unam.edu.ar\/index.php\/wp-json\/wp\/v2\/pages\/1681\/revisions"}],"predecessor-version":[{"id":1688,"href":"https:\/\/40.fayd.unam.edu.ar\/index.php\/wp-json\/wp\/v2\/pages\/1681\/revisions\/1688"}],"wp:attachment":[{"href":"https:\/\/40.fayd.unam.edu.ar\/index.php\/wp-json\/wp\/v2\/media?parent=1681"}],"curies":[{"name":"wp","href":"https:\/\/api.w.org\/{rel}","templated":true}]}}